{"id":1085,"date":"2024-02-23T14:23:37","date_gmt":"2024-02-23T13:23:37","guid":{"rendered":"http:\/\/ieo31.com\/wordpress\/?page_id=1085"},"modified":"2025-09-19T10:18:59","modified_gmt":"2025-09-19T08:18:59","slug":"festival-occitania","status":"publish","type":"page","link":"https:\/\/ieo31.com\/wordpress\/festival-occitania\/","title":{"rendered":"Festival Occitania"},"content":{"rendered":"\t\t<div data-elementor-type=\"wp-page\" data-elementor-id=\"1085\" class=\"elementor elementor-1085\">\n\t\t\t\t<div class=\"elementor-element elementor-element-25f46df e-flex e-con-boxed e-con e-parent\" data-id=\"25f46df\" data-element_type=\"container\" data-e-type=\"container\" data-settings=\"{&quot;background_background&quot;:&quot;classic&quot;}\">\n\t\t\t\t\t<div class=\"e-con-inner\">\n\t\t\t\t<div class=\"elementor-element elementor-element-b4994e2 elementor-widget elementor-widget-spacer\" data-id=\"b4994e2\" data-element_type=\"widget\" data-e-type=\"widget\" data-widget_type=\"spacer.default\">\n\t\t\t\t<div class=\"elementor-widget-container\">\n\t\t\t\t\t\t\t<div class=\"elementor-spacer\">\n\t\t\t<div class=\"elementor-spacer-inner\"><\/div>\n\t\t<\/div>\n\t\t\t\t\t\t<\/div>\n\t\t\t\t<\/div>\n\t\t\t\t<div class=\"elementor-element elementor-element-817d12e elementor-widget__width-initial elementor-widget elementor-widget-image\" data-id=\"817d12e\" data-element_type=\"widget\" data-e-type=\"widget\" data-widget_type=\"image.default\">\n\t\t\t\t<div class=\"elementor-widget-container\">\n\t\t\t\t\t\t\t\t\t\t\t\t\t\t\t<img fetchpriority=\"high\" decoding=\"async\" width=\"1575\" height=\"754\" src=\"https:\/\/ieo31.com\/wordpress\/wp-content\/uploads\/2024\/05\/FestivalOccitania2023_TYPO2.png\" class=\"attachment-full size-full wp-image-1052\" alt=\"\" srcset=\"https:\/\/ieo31.com\/wordpress\/wp-content\/uploads\/2024\/05\/FestivalOccitania2023_TYPO2.png 1575w, https:\/\/ieo31.com\/wordpress\/wp-content\/uploads\/2024\/05\/FestivalOccitania2023_TYPO2-300x144.png 300w, https:\/\/ieo31.com\/wordpress\/wp-content\/uploads\/2024\/05\/FestivalOccitania2023_TYPO2-1024x490.png 1024w, https:\/\/ieo31.com\/wordpress\/wp-content\/uploads\/2024\/05\/FestivalOccitania2023_TYPO2-768x368.png 768w, https:\/\/ieo31.com\/wordpress\/wp-content\/uploads\/2024\/05\/FestivalOccitania2023_TYPO2-1536x735.png 1536w, https:\/\/ieo31.com\/wordpress\/wp-content\/uploads\/2024\/05\/FestivalOccitania2023_TYPO2-1320x632.png 1320w\" sizes=\"(max-width: 1575px) 100vw, 1575px\" data-wp-pid=\"1052\" \/>\t\t\t\t\t\t\t\t\t\t\t\t\t\t\t<\/div>\n\t\t\t\t<\/div>\n\t\t\t\t<div class=\"elementor-element elementor-element-0046b65 animated-slow elementor-invisible elementor-widget elementor-widget-heading\" data-id=\"0046b65\" data-element_type=\"widget\" data-e-type=\"widget\" data-settings=\"{&quot;_animation&quot;:&quot;fadeInUp&quot;}\" data-widget_type=\"heading.default\">\n\t\t\t\t<div class=\"elementor-widget-container\">\n\t\t\t\t\t<h2 class=\"elementor-heading-title elementor-size-default\">Festival pluridisciplinaire occitan<\/h2>\t\t\t\t<\/div>\n\t\t\t\t<\/div>\n\t\t\t\t\t<\/div>\n\t\t\t\t<\/div>\n\t\t<div class=\"elementor-element elementor-element-a194715 e-flex e-con-boxed e-con e-parent\" data-id=\"a194715\" data-element_type=\"container\" data-e-type=\"container\">\n\t\t\t\t\t<div class=\"e-con-inner\">\n\t\t<div class=\"elementor-element elementor-element-17c799b e-con-full e-flex e-con e-child\" data-id=\"17c799b\" data-element_type=\"container\" data-e-type=\"container\">\n\t\t\t\t<div class=\"elementor-element elementor-element-2039a12 elementor-invisible elementor-widget elementor-widget-heading\" data-id=\"2039a12\" data-element_type=\"widget\" data-e-type=\"widget\" data-settings=\"{&quot;_animation&quot;:&quot;slideInLeft&quot;}\" data-widget_type=\"heading.default\">\n\t\t\t\t<div class=\"elementor-widget-container\">\n\t\t\t\t\t<h2 class=\"elementor-heading-title elementor-size-default\">Le festival<\/h2>\t\t\t\t<\/div>\n\t\t\t\t<\/div>\n\t\t\t\t<div class=\"elementor-element elementor-element-758b588 elementor-invisible elementor-widget elementor-widget-image\" data-id=\"758b588\" data-element_type=\"widget\" data-e-type=\"widget\" data-settings=\"{&quot;_animation&quot;:&quot;slideInLeft&quot;}\" data-widget_type=\"image.default\">\n\t\t\t\t<div class=\"elementor-widget-container\">\n\t\t\t\t\t\t\t\t\t\t\t\t\t\t\t<img decoding=\"async\" width=\"1024\" height=\"490\" src=\"https:\/\/ieo31.com\/wordpress\/wp-content\/uploads\/2024\/05\/FestivalOccitania2023_TYPO2-1024x490.png\" class=\"attachment-large size-large wp-image-1052\" alt=\"\" srcset=\"https:\/\/ieo31.com\/wordpress\/wp-content\/uploads\/2024\/05\/FestivalOccitania2023_TYPO2-1024x490.png 1024w, https:\/\/ieo31.com\/wordpress\/wp-content\/uploads\/2024\/05\/FestivalOccitania2023_TYPO2-300x144.png 300w, https:\/\/ieo31.com\/wordpress\/wp-content\/uploads\/2024\/05\/FestivalOccitania2023_TYPO2-768x368.png 768w, https:\/\/ieo31.com\/wordpress\/wp-content\/uploads\/2024\/05\/FestivalOccitania2023_TYPO2-1536x735.png 1536w, https:\/\/ieo31.com\/wordpress\/wp-content\/uploads\/2024\/05\/FestivalOccitania2023_TYPO2-1320x632.png 1320w, https:\/\/ieo31.com\/wordpress\/wp-content\/uploads\/2024\/05\/FestivalOccitania2023_TYPO2.png 1575w\" sizes=\"(max-width: 1024px) 100vw, 1024px\" data-wp-pid=\"1052\" \/>\t\t\t\t\t\t\t\t\t\t\t\t\t\t\t<\/div>\n\t\t\t\t<\/div>\n\t\t\t\t<\/div>\n\t\t<div class=\"elementor-element elementor-element-2367b84 e-con-full e-flex e-con e-child\" data-id=\"2367b84\" data-element_type=\"container\" data-e-type=\"container\">\n\t\t\t\t<div class=\"elementor-element elementor-element-371564a elementor-invisible elementor-widget elementor-widget-text-editor\" data-id=\"371564a\" data-element_type=\"widget\" data-e-type=\"widget\" data-settings=\"{&quot;_animation&quot;:&quot;slideInRight&quot;}\" data-widget_type=\"text-editor.default\">\n\t\t\t\t<div class=\"elementor-widget-container\">\n\t\t\t\t\t\t\t\t\t<p>Le Festival Occitania est n\u00e9 en 1999 \u00e0 Toulouse de la volont\u00e9 de l\u2019IEO 31 de proposer des \u00e9v\u00e9nements culturels mettant en lumi\u00e8re des artistes de langue occitane ou non, ayant un lien fort avec la culture occitane. Ouvert sur le monde et les cultures, il s\u2019est impos\u00e9 dans une approche pluridisciplinaire comme un temps fort incontournable de la cr\u00e9ation et diffusion occitane, et plus amplement de l\u2019animation culturelle locale. D\u2019une dur\u00e9e d\u2019un mois (principalement le mois d\u2019octobre), il s\u2019\u00e9tend tr\u00e8s vite \u00e0 diff\u00e9rentes communes du d\u00e9partement de la Haute-Garonne et diversifie ses propositions culturelles : th\u00e9\u00e2tre, concerts, animations, conf\u00e9rences, litt\u00e9rature, cin\u00e9ma, spectacles, &#8230; et des th\u00e9matiques sur plusieurs ann\u00e9es : <em>\u00abLes Orients d\u2019Occitanie\u00bb, \u00abL\u2019entre duas mars\u00bb, \u00abumanitat plurala\u00bb<\/em>, et en 2018 <em>\u00abLibertat, egalitat, frairetat, pluralitat\u00bb<\/em>. Devenu un rendez-vous incontournable de la culture occitane, il regroupe \u00e0 son apog\u00e9e jusqu\u2019\u00e0 80 \u00e9v\u00e9nements dont la moiti\u00e9 reste gratuits et f\u00eate en 2019 ses 20 ans d\u2019existence.<\/p>\t\t\t\t\t\t\t\t<\/div>\n\t\t\t\t<\/div>\n\t\t\t\t<\/div>\n\t\t<div class=\"elementor-element elementor-element-7042b82 e-con-full e-flex e-con e-child\" data-id=\"7042b82\" data-element_type=\"container\" data-e-type=\"container\">\n\t\t\t\t<div class=\"elementor-element elementor-element-66b7485 elementor-invisible elementor-widget elementor-widget-text-editor\" data-id=\"66b7485\" data-element_type=\"widget\" data-e-type=\"widget\" data-settings=\"{&quot;_animation&quot;:&quot;slideInRight&quot;}\" data-widget_type=\"text-editor.default\">\n\t\t\t\t<div class=\"elementor-widget-container\">\n\t\t\t\t\t\t\t\t\t<p>En 2020, l\u2019\u00e9pid\u00e9mie du Covid-19 marque un coup d\u2019arr\u00eat \u00e0 ce festival pluridisciplinaire. La conjoncture et des difficult\u00e9s dans la gestion associative ne permettent pas au Festival Occitania d\u2019avoir lieu jusqu\u2019en 2022. Dans l\u2019objectif de relancer ce festival historique et pluridisciplinaire, une nouvelle \u00e9quipe associative et salari\u00e9e propose au mois d\u2019octobre 2022 une version r\u00e9duite du festival, autour d\u2019une vingtaine d\u2019\u00e9v\u00e9nements. En 2023, e sont 19 \u00e9v\u00e9nements qui ont \u00e9t\u00e9 propos\u00e9s au public, principalement \u00e0 Toulouse (11 \u00e9v\u00e8nements) et aux alentours de la ville (Saint-Lys, Cugnaux, Sainte-Foy d\u2019Aigrefeuille, Cintegabelle, Carbonne, Blagnac, Bretx). La nature des animations propos\u00e9es est diverse : concerts, bals occitans, conf\u00e9rences, table ronde, festnoz\/bal\u00e8ti, repr\u00e9sentations de th\u00e9\u00e2tre, vide-grenier, stage, spectacle d\u2019humour, projection, pr\u00e9sentation de livre\u2026 Cette \u00e9dition a r\u00e9uni 22 groupes, artistes, et\/ou intervenant\u00b7e\u00b7s dans 15 lieux diff\u00e9rents, avec un public total d&rsquo;environ 800 personnes, entre le 16 septembre et le 29 octobre 2023.<\/p>\t\t\t\t\t\t\t\t<\/div>\n\t\t\t\t<\/div>\n\t\t\t\t<div class=\"elementor-element elementor-element-4a1ba15 elementor-shape-circle animated-slow elementor-grid-0 e-grid-align-center elementor-invisible elementor-widget elementor-widget-social-icons\" data-id=\"4a1ba15\" data-element_type=\"widget\" data-e-type=\"widget\" data-settings=\"{&quot;_animation&quot;:&quot;fadeIn&quot;}\" data-widget_type=\"social-icons.default\">\n\t\t\t\t<div class=\"elementor-widget-container\">\n\t\t\t\t\t\t\t<div class=\"elementor-social-icons-wrapper elementor-grid\" role=\"list\">\n\t\t\t\t\t\t\t<span class=\"elementor-grid-item\" role=\"listitem\">\n\t\t\t\t\t<a class=\"elementor-icon elementor-social-icon elementor-social-icon-facebook elementor-animation-grow elementor-repeater-item-521454d\" href=\"https:\/\/www.facebook.com\/festivaloccitania\" target=\"_blank\">\n\t\t\t\t\t\t<span class=\"elementor-screen-only\">Facebook<\/span>\n\t\t\t\t\t\t<svg aria-hidden=\"true\" class=\"e-font-icon-svg e-fab-facebook\" viewBox=\"0 0 512 512\" xmlns=\"http:\/\/www.w3.org\/2000\/svg\"><path d=\"M504 256C504 119 393 8 256 8S8 119 8 256c0 123.78 90.69 226.38 209.25 245V327.69h-63V256h63v-54.64c0-62.15 37-96.48 93.67-96.48 27.14 0 55.52 4.84 55.52 4.84v61h-31.28c-30.8 0-40.41 19.12-40.41 38.73V256h68.78l-11 71.69h-57.78V501C413.31 482.38 504 379.78 504 256z\"><\/path><\/svg>\t\t\t\t\t<\/a>\n\t\t\t\t<\/span>\n\t\t\t\t\t\t\t<span class=\"elementor-grid-item\" role=\"listitem\">\n\t\t\t\t\t<a class=\"elementor-icon elementor-social-icon elementor-social-icon-instagram elementor-animation-grow elementor-repeater-item-d322978\" href=\"https:\/\/www.instagram.com\/festivaloccitania\" target=\"_blank\">\n\t\t\t\t\t\t<span class=\"elementor-screen-only\">Instagram<\/span>\n\t\t\t\t\t\t<svg aria-hidden=\"true\" class=\"e-font-icon-svg e-fab-instagram\" viewBox=\"0 0 448 512\" xmlns=\"http:\/\/www.w3.org\/2000\/svg\"><path d=\"M224.1 141c-63.6 0-114.9 51.3-114.9 114.9s51.3 114.9 114.9 114.9S339 319.5 339 255.9 287.7 141 224.1 141zm0 189.6c-41.1 0-74.7-33.5-74.7-74.7s33.5-74.7 74.7-74.7 74.7 33.5 74.7 74.7-33.6 74.7-74.7 74.7zm146.4-194.3c0 14.9-12 26.8-26.8 26.8-14.9 0-26.8-12-26.8-26.8s12-26.8 26.8-26.8 26.8 12 26.8 26.8zm76.1 27.2c-1.7-35.9-9.9-67.7-36.2-93.9-26.2-26.2-58-34.4-93.9-36.2-37-2.1-147.9-2.1-184.9 0-35.8 1.7-67.6 9.9-93.9 36.1s-34.4 58-36.2 93.9c-2.1 37-2.1 147.9 0 184.9 1.7 35.9 9.9 67.7 36.2 93.9s58 34.4 93.9 36.2c37 2.1 147.9 2.1 184.9 0 35.9-1.7 67.7-9.9 93.9-36.2 26.2-26.2 34.4-58 36.2-93.9 2.1-37 2.1-147.8 0-184.8zM398.8 388c-7.8 19.6-22.9 34.7-42.6 42.6-29.5 11.7-99.5 9-132.1 9s-102.7 2.6-132.1-9c-19.6-7.8-34.7-22.9-42.6-42.6-11.7-29.5-9-99.5-9-132.1s-2.6-102.7 9-132.1c7.8-19.6 22.9-34.7 42.6-42.6 29.5-11.7 99.5-9 132.1-9s102.7-2.6 132.1 9c19.6 7.8 34.7 22.9 42.6 42.6 11.7 29.5 9 99.5 9 132.1s2.7 102.7-9 132.1z\"><\/path><\/svg>\t\t\t\t\t<\/a>\n\t\t\t\t<\/span>\n\t\t\t\t\t\t\t<span class=\"elementor-grid-item\" role=\"listitem\">\n\t\t\t\t\t<a class=\"elementor-icon elementor-social-icon elementor-social-icon-twitter elementor-animation-grow elementor-repeater-item-b85d0b8\" href=\"https:\/\/x.com\/IEO31occitania\" target=\"_blank\">\n\t\t\t\t\t\t<span class=\"elementor-screen-only\">Twitter<\/span>\n\t\t\t\t\t\t<svg aria-hidden=\"true\" class=\"e-font-icon-svg e-fab-twitter\" viewBox=\"0 0 512 512\" xmlns=\"http:\/\/www.w3.org\/2000\/svg\"><path d=\"M459.37 151.716c.325 4.548.325 9.097.325 13.645 0 138.72-105.583 298.558-298.558 298.558-59.452 0-114.68-17.219-161.137-47.106 8.447.974 16.568 1.299 25.34 1.299 49.055 0 94.213-16.568 130.274-44.832-46.132-.975-84.792-31.188-98.112-72.772 6.498.974 12.995 1.624 19.818 1.624 9.421 0 18.843-1.3 27.614-3.573-48.081-9.747-84.143-51.98-84.143-102.985v-1.299c13.969 7.797 30.214 12.67 47.431 13.319-28.264-18.843-46.781-51.005-46.781-87.391 0-19.492 5.197-37.36 14.294-52.954 51.655 63.675 129.3 105.258 216.365 109.807-1.624-7.797-2.599-15.918-2.599-24.04 0-57.828 46.782-104.934 104.934-104.934 30.213 0 57.502 12.67 76.67 33.137 23.715-4.548 46.456-13.32 66.599-25.34-7.798 24.366-24.366 44.833-46.132 57.827 21.117-2.273 41.584-8.122 60.426-16.243-14.292 20.791-32.161 39.308-52.628 54.253z\"><\/path><\/svg>\t\t\t\t\t<\/a>\n\t\t\t\t<\/span>\n\t\t\t\t\t\t\t<span class=\"elementor-grid-item\" role=\"listitem\">\n\t\t\t\t\t<a class=\"elementor-icon elementor-social-icon elementor-social-icon-envelope elementor-animation-grow elementor-repeater-item-f9460c6\" href=\"mailto:contacte@festivaloccitania.com\" target=\"_blank\">\n\t\t\t\t\t\t<span class=\"elementor-screen-only\">Envelope<\/span>\n\t\t\t\t\t\t<svg aria-hidden=\"true\" class=\"e-font-icon-svg e-fas-envelope\" viewBox=\"0 0 512 512\" xmlns=\"http:\/\/www.w3.org\/2000\/svg\"><path d=\"M502.3 190.8c3.9-3.1 9.7-.2 9.7 4.7V400c0 26.5-21.5 48-48 48H48c-26.5 0-48-21.5-48-48V195.6c0-5 5.7-7.8 9.7-4.7 22.4 17.4 52.1 39.5 154.1 113.6 21.1 15.4 56.7 47.8 92.2 47.6 35.7.3 72-32.8 92.3-47.6 102-74.1 131.6-96.3 154-113.7zM256 320c23.2.4 56.6-29.2 73.4-41.4 132.7-96.3 142.8-104.7 173.4-128.7 5.8-4.5 9.2-11.5 9.2-18.9v-19c0-26.5-21.5-48-48-48H48C21.5 64 0 85.5 0 112v19c0 7.4 3.4 14.3 9.2 18.9 30.6 23.9 40.7 32.4 173.4 128.7 16.8 12.2 50.2 41.8 73.4 41.4z\"><\/path><\/svg>\t\t\t\t\t<\/a>\n\t\t\t\t<\/span>\n\t\t\t\t\t<\/div>\n\t\t\t\t\t\t<\/div>\n\t\t\t\t<\/div>\n\t\t\t\t<\/div>\n\t\t\t\t\t<\/div>\n\t\t\t\t<\/div>\n\t\t<div class=\"elementor-element elementor-element-a7abe1c e-flex e-con-boxed e-con e-parent\" data-id=\"a7abe1c\" data-element_type=\"container\" data-e-type=\"container\" data-settings=\"{&quot;background_background&quot;:&quot;classic&quot;}\">\n\t\t\t\t\t<div class=\"e-con-inner\">\n\t\t\t\t<div class=\"elementor-element elementor-element-ac4d0a4 elementor-invisible elementor-widget elementor-widget-heading\" data-id=\"ac4d0a4\" data-element_type=\"widget\" data-e-type=\"widget\" data-settings=\"{&quot;_animation&quot;:&quot;slideInLeft&quot;}\" data-widget_type=\"heading.default\">\n\t\t\t\t<div class=\"elementor-widget-container\">\n\t\t\t\t\t<h2 class=\"elementor-heading-title elementor-size-default\">Festival Occitania 2025 :<\/h2>\t\t\t\t<\/div>\n\t\t\t\t<\/div>\n\t\t\t\t<div class=\"elementor-element elementor-element-ec824ed elementor-widget elementor-widget-eael-countdown\" data-id=\"ec824ed\" data-element_type=\"widget\" data-e-type=\"widget\" data-widget_type=\"eael-countdown.default\">\n\t\t\t\t<div class=\"elementor-widget-container\">\n\t\t\t\t\t\n\t\t<div class=\"eael-countdown-wrapper\" data-countdown-id=\"ec824ed\" data-expire-type=\"none\" data-countdown-type=\"due_date\">\n\t\t\t<div class=\"eael-countdown-container eael-countdown-label-block   \">\n                                    <ul id=\"eael-countdown-ec824ed\" class=\"eael-countdown-items\" data-date=\"Oct 02 2025 18:30:00 +2\">\n                        <li class=\"eael-countdown-item\"><div class=\"eael-countdown-days\"><span data-days class=\"eael-countdown-digits\">00<\/span><span class=\"eael-countdown-label\">Jorns<\/span><\/div><\/li>                        <li class=\"eael-countdown-item\"><div class=\"eael-countdown-hours\"><span data-hours class=\"eael-countdown-digits\">00<\/span><span class=\"eael-countdown-label\">Oras<\/span><\/div><\/li>                        <li class=\"eael-countdown-item\"><div class=\"eael-countdown-minutes\"><span data-minutes class=\"eael-countdown-digits\">00<\/span><span class=\"eael-countdown-label\">Minutas<\/span><\/div><\/li>                        <li class=\"eael-countdown-item\"><div class=\"eael-countdown-seconds\"><span data-seconds class=\"eael-countdown-digits\">00<\/span><span class=\"eael-countdown-label\">Segondas<\/span><\/div><\/li>                    <\/ul>\n                    <div class=\"eael-countdown-expiry-template\" style=\"display: none;\">\n                                            <\/div>\n               \n\t\t\t    <div class=\"clearfix\"><\/div>\n\t\t\t<\/div>\n\t\t<\/div>\n\n\t\t\t\t\t<\/div>\n\t\t\t\t<\/div>\n\t\t<div class=\"elementor-element elementor-element-15deae7 e-grid e-con-full e-con e-child\" data-id=\"15deae7\" data-element_type=\"container\" data-e-type=\"container\">\n\t\t\t\t\t\t\t<div data-eael_duration=\"{&quot;transitionDuration&quot;:1000}\" data-eael_easing=\"{&quot;transitionEasing&quot;:&quot;ease&quot;}\" data-eael_scale_hover_effect=\"{&quot;scale_x&quot;:1.3,&quot;scale_y&quot;:1.3}\" data-eael_hover_duration=\"{&quot;transitionDuration&quot;:1500}\" data-eael_hover_easing=\"{&quot;transitionEasing&quot;:&quot;ease&quot;}\" data-eaeltilt=\"eael_tilt\" class=\"eael_hover_effect elementor-element elementor-element-2d69264 elementor-widget elementor-widget-image\" data-id=\"2d69264\" data-element_type=\"widget\" data-e-type=\"widget\" data-settings=\"{&quot;eael_hover_effect_transform_hover_popover&quot;:&quot;yes&quot;,&quot;eael_hover_effect_general_settings_easing&quot;:&quot;ease&quot;,&quot;eael_hover_effect_general_settings_hover_easing&quot;:&quot;ease&quot;}\" data-widget_type=\"image.default\">\n\t\t\t\t<div class=\"elementor-widget-container\">\n\t\t\t\t\t\t\t\t\t\t\t\t\t\t\t\t<a href=\"https:\/\/ieo31.com\/wordpress\/festival-occitania\/festival-occitania-2025\/\">\n\t\t\t\t\t\t\t<img decoding=\"async\" width=\"724\" height=\"1024\" src=\"https:\/\/ieo31.com\/wordpress\/wp-content\/uploads\/2025\/07\/FESTIVAL-OCCITANIA-2025-724x1024.jpg\" class=\"attachment-large size-large wp-image-3536\" alt=\"\" srcset=\"https:\/\/ieo31.com\/wordpress\/wp-content\/uploads\/2025\/07\/FESTIVAL-OCCITANIA-2025-724x1024.jpg 724w, https:\/\/ieo31.com\/wordpress\/wp-content\/uploads\/2025\/07\/FESTIVAL-OCCITANIA-2025-212x300.jpg 212w, https:\/\/ieo31.com\/wordpress\/wp-content\/uploads\/2025\/07\/FESTIVAL-OCCITANIA-2025-768x1086.jpg 768w, https:\/\/ieo31.com\/wordpress\/wp-content\/uploads\/2025\/07\/FESTIVAL-OCCITANIA-2025-1086x1536.jpg 1086w, https:\/\/ieo31.com\/wordpress\/wp-content\/uploads\/2025\/07\/FESTIVAL-OCCITANIA-2025-1320x1867.jpg 1320w, https:\/\/ieo31.com\/wordpress\/wp-content\/uploads\/2025\/07\/FESTIVAL-OCCITANIA-2025.jpg 1414w\" sizes=\"(max-width: 724px) 100vw, 724px\" data-wp-pid=\"3536\" \/>\t\t\t\t\t\t\t\t<\/a>\n\t\t\t\t\t\t\t\t\t\t\t\t\t\t\t<\/div>\n\t\t\t\t<\/div>\n\t\t\t\t<div class=\"elementor-element elementor-element-1866eeb elementor-widget elementor-widget-image\" data-id=\"1866eeb\" data-element_type=\"widget\" data-e-type=\"widget\" data-widget_type=\"image.default\">\n\t\t\t\t<div class=\"elementor-widget-container\">\n\t\t\t\t\t\t\t\t\t\t\t\t\t\t\t\t<a href=\"https:\/\/ieo31.com\/wordpress\/festival-occitania\/festival-occitania-2024\/\">\n\t\t\t\t\t\t\t<img loading=\"lazy\" decoding=\"async\" width=\"724\" height=\"1024\" src=\"https:\/\/ieo31.com\/wordpress\/wp-content\/uploads\/2024\/09\/FESTIVAL-OCCITANIA-af2024-724x1024.jpg\" class=\"attachment-large size-large wp-image-2263\" alt=\"\" srcset=\"https:\/\/ieo31.com\/wordpress\/wp-content\/uploads\/2024\/09\/FESTIVAL-OCCITANIA-af2024-724x1024.jpg 724w, https:\/\/ieo31.com\/wordpress\/wp-content\/uploads\/2024\/09\/FESTIVAL-OCCITANIA-af2024-212x300.jpg 212w, https:\/\/ieo31.com\/wordpress\/wp-content\/uploads\/2024\/09\/FESTIVAL-OCCITANIA-af2024-768x1086.jpg 768w, https:\/\/ieo31.com\/wordpress\/wp-content\/uploads\/2024\/09\/FESTIVAL-OCCITANIA-af2024-1086x1536.jpg 1086w, https:\/\/ieo31.com\/wordpress\/wp-content\/uploads\/2024\/09\/FESTIVAL-OCCITANIA-af2024-1320x1867.jpg 1320w, https:\/\/ieo31.com\/wordpress\/wp-content\/uploads\/2024\/09\/FESTIVAL-OCCITANIA-af2024.jpg 1414w\" sizes=\"(max-width: 724px) 100vw, 724px\" data-wp-pid=\"2263\" \/>\t\t\t\t\t\t\t\t<\/a>\n\t\t\t\t\t\t\t\t\t\t\t\t\t\t\t<\/div>\n\t\t\t\t<\/div>\n\t\t\t\t<div class=\"elementor-element elementor-element-66751be elementor-widget elementor-widget-image\" data-id=\"66751be\" data-element_type=\"widget\" data-e-type=\"widget\" data-widget_type=\"image.default\">\n\t\t\t\t<div class=\"elementor-widget-container\">\n\t\t\t\t\t\t\t\t\t\t\t\t\t\t\t\t<a href=\"https:\/\/ieo31.com\/wordpress\/festival-occitania\/festival-occitania-2023\/\">\n\t\t\t\t\t\t\t<img loading=\"lazy\" decoding=\"async\" width=\"734\" height=\"1024\" src=\"https:\/\/ieo31.com\/wordpress\/wp-content\/uploads\/2024\/05\/A4_FestivalOccitania2023_WEB1-734x1024.jpg\" class=\"attachment-large size-large wp-image-1090\" alt=\"\" srcset=\"https:\/\/ieo31.com\/wordpress\/wp-content\/uploads\/2024\/05\/A4_FestivalOccitania2023_WEB1-734x1024.jpg 734w, https:\/\/ieo31.com\/wordpress\/wp-content\/uploads\/2024\/05\/A4_FestivalOccitania2023_WEB1-215x300.jpg 215w, https:\/\/ieo31.com\/wordpress\/wp-content\/uploads\/2024\/05\/A4_FestivalOccitania2023_WEB1-768x1072.jpg 768w, https:\/\/ieo31.com\/wordpress\/wp-content\/uploads\/2024\/05\/A4_FestivalOccitania2023_WEB1-1101x1536.jpg 1101w, https:\/\/ieo31.com\/wordpress\/wp-content\/uploads\/2024\/05\/A4_FestivalOccitania2023_WEB1-1467x2048.jpg 1467w, https:\/\/ieo31.com\/wordpress\/wp-content\/uploads\/2024\/05\/A4_FestivalOccitania2023_WEB1-1320x1842.jpg 1320w, https:\/\/ieo31.com\/wordpress\/wp-content\/uploads\/2024\/05\/A4_FestivalOccitania2023_WEB1-scaled.jpg 1834w\" sizes=\"(max-width: 734px) 100vw, 734px\" data-wp-pid=\"1090\" \/>\t\t\t\t\t\t\t\t<\/a>\n\t\t\t\t\t\t\t\t\t\t\t\t\t\t\t<\/div>\n\t\t\t\t<\/div>\n\t\t\t\t<\/div>\n\t\t<div class=\"elementor-element elementor-element-77bf806 e-grid e-con-full e-con e-child\" data-id=\"77bf806\" data-element_type=\"container\" data-e-type=\"container\">\n\t\t\t\t<div class=\"elementor-element elementor-element-38088ed elementor-widget elementor-widget-image\" data-id=\"38088ed\" data-element_type=\"widget\" data-e-type=\"widget\" data-widget_type=\"image.default\">\n\t\t\t\t<div class=\"elementor-widget-container\">\n\t\t\t\t\t\t\t\t\t\t\t\t\t\t\t<img loading=\"lazy\" decoding=\"async\" width=\"505\" height=\"757\" src=\"https:\/\/ieo31.com\/wordpress\/wp-content\/uploads\/2025\/07\/Fest-Occitania-2022.jpg\" class=\"attachment-large size-large wp-image-3561\" alt=\"\" srcset=\"https:\/\/ieo31.com\/wordpress\/wp-content\/uploads\/2025\/07\/Fest-Occitania-2022.jpg 505w, https:\/\/ieo31.com\/wordpress\/wp-content\/uploads\/2025\/07\/Fest-Occitania-2022-200x300.jpg 200w\" sizes=\"(max-width: 505px) 100vw, 505px\" data-wp-pid=\"3561\" \/>\t\t\t\t\t\t\t\t\t\t\t\t\t\t\t<\/div>\n\t\t\t\t<\/div>\n\t\t\t\t<div class=\"elementor-element elementor-element-89a43e3 elementor-widget elementor-widget-image\" data-id=\"89a43e3\" data-element_type=\"widget\" data-e-type=\"widget\" data-widget_type=\"image.default\">\n\t\t\t\t<div class=\"elementor-widget-container\">\n\t\t\t\t\t\t\t\t\t\t\t\t\t\t\t<img loading=\"lazy\" decoding=\"async\" width=\"724\" height=\"1024\" src=\"https:\/\/ieo31.com\/wordpress\/wp-content\/uploads\/2025\/07\/Fest-Occitania-2019-724x1024.jpg\" class=\"attachment-large size-large wp-image-3560\" alt=\"\" srcset=\"https:\/\/ieo31.com\/wordpress\/wp-content\/uploads\/2025\/07\/Fest-Occitania-2019-724x1024.jpg 724w, https:\/\/ieo31.com\/wordpress\/wp-content\/uploads\/2025\/07\/Fest-Occitania-2019-212x300.jpg 212w, https:\/\/ieo31.com\/wordpress\/wp-content\/uploads\/2025\/07\/Fest-Occitania-2019-768x1086.jpg 768w, https:\/\/ieo31.com\/wordpress\/wp-content\/uploads\/2025\/07\/Fest-Occitania-2019-1087x1536.jpg 1087w, https:\/\/ieo31.com\/wordpress\/wp-content\/uploads\/2025\/07\/Fest-Occitania-2019.jpg 1170w\" sizes=\"(max-width: 724px) 100vw, 724px\" data-wp-pid=\"3560\" \/>\t\t\t\t\t\t\t\t\t\t\t\t\t\t\t<\/div>\n\t\t\t\t<\/div>\n\t\t\t\t<div class=\"elementor-element elementor-element-8cc1abe elementor-widget elementor-widget-image\" data-id=\"8cc1abe\" data-element_type=\"widget\" data-e-type=\"widget\" data-widget_type=\"image.default\">\n\t\t\t\t<div class=\"elementor-widget-container\">\n\t\t\t\t\t\t\t\t\t\t\t\t\t\t\t<img loading=\"lazy\" decoding=\"async\" width=\"700\" height=\"1024\" src=\"https:\/\/ieo31.com\/wordpress\/wp-content\/uploads\/2025\/07\/Fest-Occitania-2018-700x1024.jpg\" class=\"attachment-large size-large wp-image-3559\" alt=\"\" srcset=\"https:\/\/ieo31.com\/wordpress\/wp-content\/uploads\/2025\/07\/Fest-Occitania-2018-700x1024.jpg 700w, https:\/\/ieo31.com\/wordpress\/wp-content\/uploads\/2025\/07\/Fest-Occitania-2018-205x300.jpg 205w, https:\/\/ieo31.com\/wordpress\/wp-content\/uploads\/2025\/07\/Fest-Occitania-2018-768x1123.jpg 768w, https:\/\/ieo31.com\/wordpress\/wp-content\/uploads\/2025\/07\/Fest-Occitania-2018-1050x1536.jpg 1050w, https:\/\/ieo31.com\/wordpress\/wp-content\/uploads\/2025\/07\/Fest-Occitania-2018-1320x1931.jpg 1320w, https:\/\/ieo31.com\/wordpress\/wp-content\/uploads\/2025\/07\/Fest-Occitania-2018.jpg 1400w\" sizes=\"(max-width: 700px) 100vw, 700px\" data-wp-pid=\"3559\" \/>\t\t\t\t\t\t\t\t\t\t\t\t\t\t\t<\/div>\n\t\t\t\t<\/div>\n\t\t\t\t<div class=\"elementor-element elementor-element-962d707 elementor-widget elementor-widget-image\" data-id=\"962d707\" data-element_type=\"widget\" data-e-type=\"widget\" data-widget_type=\"image.default\">\n\t\t\t\t<div class=\"elementor-widget-container\">\n\t\t\t\t\t\t\t\t\t\t\t\t\t\t\t<img loading=\"lazy\" decoding=\"async\" width=\"767\" height=\"1024\" src=\"https:\/\/ieo31.com\/wordpress\/wp-content\/uploads\/2025\/07\/Fest-Occitania-2017-767x1024.jpg\" class=\"attachment-large size-large wp-image-3558\" alt=\"\" srcset=\"https:\/\/ieo31.com\/wordpress\/wp-content\/uploads\/2025\/07\/Fest-Occitania-2017-767x1024.jpg 767w, https:\/\/ieo31.com\/wordpress\/wp-content\/uploads\/2025\/07\/Fest-Occitania-2017-225x300.jpg 225w, https:\/\/ieo31.com\/wordpress\/wp-content\/uploads\/2025\/07\/Fest-Occitania-2017-768x1025.jpg 768w, https:\/\/ieo31.com\/wordpress\/wp-content\/uploads\/2025\/07\/Fest-Occitania-2017.jpg 1000w\" sizes=\"(max-width: 767px) 100vw, 767px\" data-wp-pid=\"3558\" \/>\t\t\t\t\t\t\t\t\t\t\t\t\t\t\t<\/div>\n\t\t\t\t<\/div>\n\t\t\t\t<div class=\"elementor-element elementor-element-3a8c966 elementor-widget elementor-widget-image\" data-id=\"3a8c966\" data-element_type=\"widget\" data-e-type=\"widget\" data-widget_type=\"image.default\">\n\t\t\t\t<div class=\"elementor-widget-container\">\n\t\t\t\t\t\t\t\t\t\t\t\t\t\t\t<img loading=\"lazy\" decoding=\"async\" width=\"682\" height=\"1024\" src=\"https:\/\/ieo31.com\/wordpress\/wp-content\/uploads\/2025\/07\/Fest-Occitania-2016-682x1024.jpg\" class=\"attachment-large size-large wp-image-3557\" alt=\"\" srcset=\"https:\/\/ieo31.com\/wordpress\/wp-content\/uploads\/2025\/07\/Fest-Occitania-2016-682x1024.jpg 682w, https:\/\/ieo31.com\/wordpress\/wp-content\/uploads\/2025\/07\/Fest-Occitania-2016-200x300.jpg 200w, https:\/\/ieo31.com\/wordpress\/wp-content\/uploads\/2025\/07\/Fest-Occitania-2016-768x1152.jpg 768w, https:\/\/ieo31.com\/wordpress\/wp-content\/uploads\/2025\/07\/Fest-Occitania-2016-1024x1536.jpg 1024w, https:\/\/ieo31.com\/wordpress\/wp-content\/uploads\/2025\/07\/Fest-Occitania-2016.jpg 1181w\" sizes=\"(max-width: 682px) 100vw, 682px\" data-wp-pid=\"3557\" \/>\t\t\t\t\t\t\t\t\t\t\t\t\t\t\t<\/div>\n\t\t\t\t<\/div>\n\t\t\t\t<div class=\"elementor-element elementor-element-193bda1 elementor-widget elementor-widget-image\" data-id=\"193bda1\" data-element_type=\"widget\" data-e-type=\"widget\" data-widget_type=\"image.default\">\n\t\t\t\t<div class=\"elementor-widget-container\">\n\t\t\t\t\t\t\t\t\t\t\t\t\t\t\t<img loading=\"lazy\" decoding=\"async\" width=\"701\" height=\"1024\" src=\"https:\/\/ieo31.com\/wordpress\/wp-content\/uploads\/2025\/07\/Fest-Occitania-2015-701x1024.jpg\" class=\"attachment-large size-large wp-image-3556\" alt=\"\" srcset=\"https:\/\/ieo31.com\/wordpress\/wp-content\/uploads\/2025\/07\/Fest-Occitania-2015-701x1024.jpg 701w, https:\/\/ieo31.com\/wordpress\/wp-content\/uploads\/2025\/07\/Fest-Occitania-2015-205x300.jpg 205w, https:\/\/ieo31.com\/wordpress\/wp-content\/uploads\/2025\/07\/Fest-Occitania-2015-768x1122.jpg 768w, https:\/\/ieo31.com\/wordpress\/wp-content\/uploads\/2025\/07\/Fest-Occitania-2015.jpg 791w\" sizes=\"(max-width: 701px) 100vw, 701px\" data-wp-pid=\"3556\" \/>\t\t\t\t\t\t\t\t\t\t\t\t\t\t\t<\/div>\n\t\t\t\t<\/div>\n\t\t\t\t<div class=\"elementor-element elementor-element-f7cbe6f elementor-widget elementor-widget-image\" data-id=\"f7cbe6f\" data-element_type=\"widget\" data-e-type=\"widget\" data-widget_type=\"image.default\">\n\t\t\t\t<div class=\"elementor-widget-container\">\n\t\t\t\t\t\t\t\t\t\t\t\t\t\t\t<img loading=\"lazy\" decoding=\"async\" width=\"680\" height=\"1024\" src=\"https:\/\/ieo31.com\/wordpress\/wp-content\/uploads\/2025\/07\/Fest-Occitania-2014-680x1024.jpg\" class=\"attachment-large size-large wp-image-3555\" alt=\"\" srcset=\"https:\/\/ieo31.com\/wordpress\/wp-content\/uploads\/2025\/07\/Fest-Occitania-2014-680x1024.jpg 680w, https:\/\/ieo31.com\/wordpress\/wp-content\/uploads\/2025\/07\/Fest-Occitania-2014-199x300.jpg 199w, https:\/\/ieo31.com\/wordpress\/wp-content\/uploads\/2025\/07\/Fest-Occitania-2014.jpg 758w\" sizes=\"(max-width: 680px) 100vw, 680px\" data-wp-pid=\"3555\" \/>\t\t\t\t\t\t\t\t\t\t\t\t\t\t\t<\/div>\n\t\t\t\t<\/div>\n\t\t\t\t<div class=\"elementor-element elementor-element-b3a4bf5 elementor-widget elementor-widget-image\" data-id=\"b3a4bf5\" data-element_type=\"widget\" data-e-type=\"widget\" data-widget_type=\"image.default\">\n\t\t\t\t<div class=\"elementor-widget-container\">\n\t\t\t\t\t\t\t\t\t\t\t\t\t\t\t<img loading=\"lazy\" decoding=\"async\" width=\"396\" height=\"600\" src=\"https:\/\/ieo31.com\/wordpress\/wp-content\/uploads\/2025\/07\/Fest-Occitania-2013.jpg\" class=\"attachment-large size-large wp-image-3554\" alt=\"\" srcset=\"https:\/\/ieo31.com\/wordpress\/wp-content\/uploads\/2025\/07\/Fest-Occitania-2013.jpg 396w, https:\/\/ieo31.com\/wordpress\/wp-content\/uploads\/2025\/07\/Fest-Occitania-2013-198x300.jpg 198w\" sizes=\"(max-width: 396px) 100vw, 396px\" data-wp-pid=\"3554\" \/>\t\t\t\t\t\t\t\t\t\t\t\t\t\t\t<\/div>\n\t\t\t\t<\/div>\n\t\t\t\t<div class=\"elementor-element elementor-element-00a0713 elementor-widget elementor-widget-image\" data-id=\"00a0713\" data-element_type=\"widget\" data-e-type=\"widget\" data-widget_type=\"image.default\">\n\t\t\t\t<div class=\"elementor-widget-container\">\n\t\t\t\t\t\t\t\t\t\t\t\t\t\t\t<img loading=\"lazy\" decoding=\"async\" width=\"701\" height=\"1024\" src=\"https:\/\/ieo31.com\/wordpress\/wp-content\/uploads\/2025\/07\/Fest-Occitania-2012-701x1024.jpg\" class=\"attachment-large size-large wp-image-3553\" alt=\"\" srcset=\"https:\/\/ieo31.com\/wordpress\/wp-content\/uploads\/2025\/07\/Fest-Occitania-2012-701x1024.jpg 701w, https:\/\/ieo31.com\/wordpress\/wp-content\/uploads\/2025\/07\/Fest-Occitania-2012-205x300.jpg 205w, https:\/\/ieo31.com\/wordpress\/wp-content\/uploads\/2025\/07\/Fest-Occitania-2012-768x1122.jpg 768w, https:\/\/ieo31.com\/wordpress\/wp-content\/uploads\/2025\/07\/Fest-Occitania-2012.jpg 791w\" sizes=\"(max-width: 701px) 100vw, 701px\" data-wp-pid=\"3553\" \/>\t\t\t\t\t\t\t\t\t\t\t\t\t\t\t<\/div>\n\t\t\t\t<\/div>\n\t\t\t\t<div class=\"elementor-element elementor-element-e408719 elementor-widget elementor-widget-image\" data-id=\"e408719\" data-element_type=\"widget\" data-e-type=\"widget\" data-widget_type=\"image.default\">\n\t\t\t\t<div class=\"elementor-widget-container\">\n\t\t\t\t\t\t\t\t\t\t\t\t\t\t\t<img loading=\"lazy\" decoding=\"async\" width=\"703\" height=\"1024\" src=\"https:\/\/ieo31.com\/wordpress\/wp-content\/uploads\/2025\/07\/Fest-Occitania-2011-703x1024.jpg\" class=\"attachment-large size-large wp-image-3552\" alt=\"\" srcset=\"https:\/\/ieo31.com\/wordpress\/wp-content\/uploads\/2025\/07\/Fest-Occitania-2011-703x1024.jpg 703w, https:\/\/ieo31.com\/wordpress\/wp-content\/uploads\/2025\/07\/Fest-Occitania-2011-206x300.jpg 206w, https:\/\/ieo31.com\/wordpress\/wp-content\/uploads\/2025\/07\/Fest-Occitania-2011-768x1119.jpg 768w, https:\/\/ieo31.com\/wordpress\/wp-content\/uploads\/2025\/07\/Fest-Occitania-2011.jpg 789w\" sizes=\"(max-width: 703px) 100vw, 703px\" data-wp-pid=\"3552\" \/>\t\t\t\t\t\t\t\t\t\t\t\t\t\t\t<\/div>\n\t\t\t\t<\/div>\n\t\t\t\t<div class=\"elementor-element elementor-element-1e32649 elementor-widget elementor-widget-image\" data-id=\"1e32649\" data-element_type=\"widget\" data-e-type=\"widget\" data-widget_type=\"image.default\">\n\t\t\t\t<div class=\"elementor-widget-container\">\n\t\t\t\t\t\t\t\t\t\t\t\t\t\t\t<img loading=\"lazy\" decoding=\"async\" width=\"265\" height=\"391\" src=\"https:\/\/ieo31.com\/wordpress\/wp-content\/uploads\/2025\/07\/Fest-Occitania-2010-e1752832605690.jpg\" class=\"attachment-large size-large wp-image-3551\" alt=\"\" srcset=\"https:\/\/ieo31.com\/wordpress\/wp-content\/uploads\/2025\/07\/Fest-Occitania-2010-e1752832605690.jpg 265w, https:\/\/ieo31.com\/wordpress\/wp-content\/uploads\/2025\/07\/Fest-Occitania-2010-e1752832605690-203x300.jpg 203w\" sizes=\"(max-width: 265px) 100vw, 265px\" data-wp-pid=\"3551\" \/>\t\t\t\t\t\t\t\t\t\t\t\t\t\t\t<\/div>\n\t\t\t\t<\/div>\n\t\t\t\t<div class=\"elementor-element elementor-element-090c470 elementor-widget elementor-widget-image\" data-id=\"090c470\" data-element_type=\"widget\" data-e-type=\"widget\" data-widget_type=\"image.default\">\n\t\t\t\t<div class=\"elementor-widget-container\">\n\t\t\t\t\t\t\t\t\t\t\t\t\t\t\t<img loading=\"lazy\" decoding=\"async\" width=\"400\" height=\"600\" src=\"https:\/\/ieo31.com\/wordpress\/wp-content\/uploads\/2025\/07\/Fest-Occitania-2009.jpg\" class=\"attachment-large size-large wp-image-3550\" alt=\"\" srcset=\"https:\/\/ieo31.com\/wordpress\/wp-content\/uploads\/2025\/07\/Fest-Occitania-2009.jpg 400w, https:\/\/ieo31.com\/wordpress\/wp-content\/uploads\/2025\/07\/Fest-Occitania-2009-200x300.jpg 200w\" sizes=\"(max-width: 400px) 100vw, 400px\" data-wp-pid=\"3550\" \/>\t\t\t\t\t\t\t\t\t\t\t\t\t\t\t<\/div>\n\t\t\t\t<\/div>\n\t\t\t\t<div class=\"elementor-element elementor-element-4701aed elementor-widget elementor-widget-image\" data-id=\"4701aed\" data-element_type=\"widget\" data-e-type=\"widget\" data-widget_type=\"image.default\">\n\t\t\t\t<div class=\"elementor-widget-container\">\n\t\t\t\t\t\t\t\t\t\t\t\t\t\t\t<img loading=\"lazy\" decoding=\"async\" width=\"711\" height=\"1024\" src=\"https:\/\/ieo31.com\/wordpress\/wp-content\/uploads\/2025\/07\/Fest-Occitania-2008-711x1024.jpg\" class=\"attachment-large size-large wp-image-3549\" alt=\"\" srcset=\"https:\/\/ieo31.com\/wordpress\/wp-content\/uploads\/2025\/07\/Fest-Occitania-2008-711x1024.jpg 711w, https:\/\/ieo31.com\/wordpress\/wp-content\/uploads\/2025\/07\/Fest-Occitania-2008-208x300.jpg 208w, https:\/\/ieo31.com\/wordpress\/wp-content\/uploads\/2025\/07\/Fest-Occitania-2008-768x1107.jpg 768w, https:\/\/ieo31.com\/wordpress\/wp-content\/uploads\/2025\/07\/Fest-Occitania-2008.jpg 791w\" sizes=\"(max-width: 711px) 100vw, 711px\" data-wp-pid=\"3549\" \/>\t\t\t\t\t\t\t\t\t\t\t\t\t\t\t<\/div>\n\t\t\t\t<\/div>\n\t\t\t\t<div class=\"elementor-element elementor-element-aefc4e3 elementor-widget elementor-widget-image\" data-id=\"aefc4e3\" data-element_type=\"widget\" data-e-type=\"widget\" data-widget_type=\"image.default\">\n\t\t\t\t<div class=\"elementor-widget-container\">\n\t\t\t\t\t\t\t\t\t\t\t\t\t\t\t<img loading=\"lazy\" decoding=\"async\" width=\"708\" height=\"1024\" src=\"https:\/\/ieo31.com\/wordpress\/wp-content\/uploads\/2025\/07\/Fest-Occitania-2007-708x1024.jpg\" class=\"attachment-large size-large wp-image-3548\" alt=\"\" srcset=\"https:\/\/ieo31.com\/wordpress\/wp-content\/uploads\/2025\/07\/Fest-Occitania-2007-708x1024.jpg 708w, https:\/\/ieo31.com\/wordpress\/wp-content\/uploads\/2025\/07\/Fest-Occitania-2007-207x300.jpg 207w, https:\/\/ieo31.com\/wordpress\/wp-content\/uploads\/2025\/07\/Fest-Occitania-2007-768x1111.jpg 768w, https:\/\/ieo31.com\/wordpress\/wp-content\/uploads\/2025\/07\/Fest-Occitania-2007.jpg 791w\" sizes=\"(max-width: 708px) 100vw, 708px\" data-wp-pid=\"3548\" \/>\t\t\t\t\t\t\t\t\t\t\t\t\t\t\t<\/div>\n\t\t\t\t<\/div>\n\t\t\t\t<div class=\"elementor-element elementor-element-ac29e0f elementor-widget elementor-widget-image\" data-id=\"ac29e0f\" data-element_type=\"widget\" data-e-type=\"widget\" data-widget_type=\"image.default\">\n\t\t\t\t<div class=\"elementor-widget-container\">\n\t\t\t\t\t\t\t\t\t\t\t\t\t\t\t<img loading=\"lazy\" decoding=\"async\" width=\"708\" height=\"1024\" src=\"https:\/\/ieo31.com\/wordpress\/wp-content\/uploads\/2025\/07\/Fest-Occitania-2007-708x1024.jpg\" class=\"attachment-large size-large wp-image-3548\" alt=\"\" srcset=\"https:\/\/ieo31.com\/wordpress\/wp-content\/uploads\/2025\/07\/Fest-Occitania-2007-708x1024.jpg 708w, https:\/\/ieo31.com\/wordpress\/wp-content\/uploads\/2025\/07\/Fest-Occitania-2007-207x300.jpg 207w, https:\/\/ieo31.com\/wordpress\/wp-content\/uploads\/2025\/07\/Fest-Occitania-2007-768x1111.jpg 768w, https:\/\/ieo31.com\/wordpress\/wp-content\/uploads\/2025\/07\/Fest-Occitania-2007.jpg 791w\" sizes=\"(max-width: 708px) 100vw, 708px\" data-wp-pid=\"3548\" \/>\t\t\t\t\t\t\t\t\t\t\t\t\t\t\t<\/div>\n\t\t\t\t<\/div>\n\t\t\t\t<div class=\"elementor-element elementor-element-03f5d71 elementor-widget elementor-widget-image\" data-id=\"03f5d71\" data-element_type=\"widget\" data-e-type=\"widget\" data-widget_type=\"image.default\">\n\t\t\t\t<div class=\"elementor-widget-container\">\n\t\t\t\t\t\t\t\t\t\t\t\t\t\t\t<img loading=\"lazy\" decoding=\"async\" width=\"691\" height=\"1024\" src=\"https:\/\/ieo31.com\/wordpress\/wp-content\/uploads\/2025\/07\/Fest-Occitania-2005-691x1024.jpg\" class=\"attachment-large size-large wp-image-3547\" alt=\"\" srcset=\"https:\/\/ieo31.com\/wordpress\/wp-content\/uploads\/2025\/07\/Fest-Occitania-2005-691x1024.jpg 691w, https:\/\/ieo31.com\/wordpress\/wp-content\/uploads\/2025\/07\/Fest-Occitania-2005-202x300.jpg 202w, https:\/\/ieo31.com\/wordpress\/wp-content\/uploads\/2025\/07\/Fest-Occitania-2005-768x1138.jpg 768w, https:\/\/ieo31.com\/wordpress\/wp-content\/uploads\/2025\/07\/Fest-Occitania-2005.jpg 780w\" sizes=\"(max-width: 691px) 100vw, 691px\" data-wp-pid=\"3547\" \/>\t\t\t\t\t\t\t\t\t\t\t\t\t\t\t<\/div>\n\t\t\t\t<\/div>\n\t\t\t\t<div class=\"elementor-element elementor-element-8f47075 elementor-widget elementor-widget-image\" data-id=\"8f47075\" data-element_type=\"widget\" data-e-type=\"widget\" data-widget_type=\"image.default\">\n\t\t\t\t<div class=\"elementor-widget-container\">\n\t\t\t\t\t\t\t\t\t\t\t\t\t\t\t<img loading=\"lazy\" decoding=\"async\" width=\"315\" height=\"441\" src=\"https:\/\/ieo31.com\/wordpress\/wp-content\/uploads\/2025\/07\/Fest-Occitania-2004.jpg\" class=\"attachment-large size-large wp-image-3546\" alt=\"\" srcset=\"https:\/\/ieo31.com\/wordpress\/wp-content\/uploads\/2025\/07\/Fest-Occitania-2004.jpg 315w, https:\/\/ieo31.com\/wordpress\/wp-content\/uploads\/2025\/07\/Fest-Occitania-2004-214x300.jpg 214w\" sizes=\"(max-width: 315px) 100vw, 315px\" data-wp-pid=\"3546\" \/>\t\t\t\t\t\t\t\t\t\t\t\t\t\t\t<\/div>\n\t\t\t\t<\/div>\n\t\t\t\t<div class=\"elementor-element elementor-element-dbecbfb elementor-widget elementor-widget-image\" data-id=\"dbecbfb\" data-element_type=\"widget\" data-e-type=\"widget\" data-widget_type=\"image.default\">\n\t\t\t\t<div class=\"elementor-widget-container\">\n\t\t\t\t\t\t\t\t\t\t\t\t\t\t\t<img loading=\"lazy\" decoding=\"async\" width=\"330\" height=\"468\" src=\"https:\/\/ieo31.com\/wordpress\/wp-content\/uploads\/2025\/07\/Fest-Occitania-2003.jpg\" class=\"attachment-large size-large wp-image-3545\" alt=\"\" srcset=\"https:\/\/ieo31.com\/wordpress\/wp-content\/uploads\/2025\/07\/Fest-Occitania-2003.jpg 330w, https:\/\/ieo31.com\/wordpress\/wp-content\/uploads\/2025\/07\/Fest-Occitania-2003-212x300.jpg 212w\" sizes=\"(max-width: 330px) 100vw, 330px\" data-wp-pid=\"3545\" \/>\t\t\t\t\t\t\t\t\t\t\t\t\t\t\t<\/div>\n\t\t\t\t<\/div>\n\t\t\t\t<div class=\"elementor-element elementor-element-63a0de6 elementor-widget elementor-widget-image\" data-id=\"63a0de6\" data-element_type=\"widget\" data-e-type=\"widget\" data-widget_type=\"image.default\">\n\t\t\t\t<div class=\"elementor-widget-container\">\n\t\t\t\t\t\t\t\t\t\t\t\t\t\t\t<img loading=\"lazy\" decoding=\"async\" width=\"672\" height=\"1024\" src=\"https:\/\/ieo31.com\/wordpress\/wp-content\/uploads\/2025\/07\/Fest-Occitania-2002-672x1024.jpg\" class=\"attachment-large size-large wp-image-3544\" alt=\"\" srcset=\"https:\/\/ieo31.com\/wordpress\/wp-content\/uploads\/2025\/07\/Fest-Occitania-2002-672x1024.jpg 672w, https:\/\/ieo31.com\/wordpress\/wp-content\/uploads\/2025\/07\/Fest-Occitania-2002-197x300.jpg 197w, https:\/\/ieo31.com\/wordpress\/wp-content\/uploads\/2025\/07\/Fest-Occitania-2002-768x1170.jpg 768w, https:\/\/ieo31.com\/wordpress\/wp-content\/uploads\/2025\/07\/Fest-Occitania-2002-1009x1536.jpg 1009w, https:\/\/ieo31.com\/wordpress\/wp-content\/uploads\/2025\/07\/Fest-Occitania-2002-1345x2048.jpg 1345w, https:\/\/ieo31.com\/wordpress\/wp-content\/uploads\/2025\/07\/Fest-Occitania-2002-1320x2010.jpg 1320w, https:\/\/ieo31.com\/wordpress\/wp-content\/uploads\/2025\/07\/Fest-Occitania-2002.jpg 1681w\" sizes=\"(max-width: 672px) 100vw, 672px\" data-wp-pid=\"3544\" \/>\t\t\t\t\t\t\t\t\t\t\t\t\t\t\t<\/div>\n\t\t\t\t<\/div>\n\t\t\t\t<div class=\"elementor-element elementor-element-f9d17c6 elementor-widget elementor-widget-image\" data-id=\"f9d17c6\" data-element_type=\"widget\" data-e-type=\"widget\" data-widget_type=\"image.default\">\n\t\t\t\t<div class=\"elementor-widget-container\">\n\t\t\t\t\t\t\t\t\t\t\t\t\t\t\t<img loading=\"lazy\" decoding=\"async\" width=\"676\" height=\"1024\" src=\"https:\/\/ieo31.com\/wordpress\/wp-content\/uploads\/2025\/07\/Fest-Occitania-2000-676x1024.jpg\" class=\"attachment-large size-large wp-image-3543\" alt=\"\" srcset=\"https:\/\/ieo31.com\/wordpress\/wp-content\/uploads\/2025\/07\/Fest-Occitania-2000-676x1024.jpg 676w, https:\/\/ieo31.com\/wordpress\/wp-content\/uploads\/2025\/07\/Fest-Occitania-2000-198x300.jpg 198w, https:\/\/ieo31.com\/wordpress\/wp-content\/uploads\/2025\/07\/Fest-Occitania-2000-768x1163.jpg 768w, https:\/\/ieo31.com\/wordpress\/wp-content\/uploads\/2025\/07\/Fest-Occitania-2000-1014x1536.jpg 1014w, https:\/\/ieo31.com\/wordpress\/wp-content\/uploads\/2025\/07\/Fest-Occitania-2000-1352x2048.jpg 1352w, https:\/\/ieo31.com\/wordpress\/wp-content\/uploads\/2025\/07\/Fest-Occitania-2000-1320x2000.jpg 1320w, https:\/\/ieo31.com\/wordpress\/wp-content\/uploads\/2025\/07\/Fest-Occitania-2000.jpg 1690w\" sizes=\"(max-width: 676px) 100vw, 676px\" data-wp-pid=\"3543\" \/>\t\t\t\t\t\t\t\t\t\t\t\t\t\t\t<\/div>\n\t\t\t\t<\/div>\n\t\t\t\t<\/div>\n\t\t\t\t\t<\/div>\n\t\t\t\t<\/div>\n\t\t<div class=\"elementor-element elementor-element-346ffc7 elementor-hidden-desktop elementor-hidden-tablet elementor-hidden-mobile e-flex e-con-boxed e-con e-parent\" data-id=\"346ffc7\" data-element_type=\"container\" data-e-type=\"container\" data-settings=\"{&quot;background_background&quot;:&quot;classic&quot;}\">\n\t\t\t\t\t<div class=\"e-con-inner\">\n\t\t<div class=\"elementor-element elementor-element-0e011d4 e-con-full e-flex e-con e-child\" data-id=\"0e011d4\" data-element_type=\"container\" data-e-type=\"container\" data-settings=\"{&quot;background_background&quot;:&quot;classic&quot;}\">\n\t\t\t\t<div class=\"elementor-element elementor-element-ce4cc72 elementor-widget__width-initial elementor-widget elementor-widget-image\" data-id=\"ce4cc72\" data-element_type=\"widget\" data-e-type=\"widget\" data-widget_type=\"image.default\">\n\t\t\t\t<div class=\"elementor-widget-container\">\n\t\t\t\t\t\t\t\t\t\t\t\t\t\t\t<img loading=\"lazy\" decoding=\"async\" width=\"724\" height=\"1024\" src=\"https:\/\/ieo31.com\/wordpress\/wp-content\/uploads\/2024\/09\/FESTIVAL-OCCITANIA-af2024-724x1024.jpg\" class=\"attachment-large size-large wp-image-2263\" alt=\"\" srcset=\"https:\/\/ieo31.com\/wordpress\/wp-content\/uploads\/2024\/09\/FESTIVAL-OCCITANIA-af2024-724x1024.jpg 724w, https:\/\/ieo31.com\/wordpress\/wp-content\/uploads\/2024\/09\/FESTIVAL-OCCITANIA-af2024-212x300.jpg 212w, https:\/\/ieo31.com\/wordpress\/wp-content\/uploads\/2024\/09\/FESTIVAL-OCCITANIA-af2024-768x1086.jpg 768w, https:\/\/ieo31.com\/wordpress\/wp-content\/uploads\/2024\/09\/FESTIVAL-OCCITANIA-af2024-1086x1536.jpg 1086w, https:\/\/ieo31.com\/wordpress\/wp-content\/uploads\/2024\/09\/FESTIVAL-OCCITANIA-af2024-1320x1867.jpg 1320w, https:\/\/ieo31.com\/wordpress\/wp-content\/uploads\/2024\/09\/FESTIVAL-OCCITANIA-af2024.jpg 1414w\" sizes=\"(max-width: 724px) 100vw, 724px\" data-wp-pid=\"2263\" \/>\t\t\t\t\t\t\t\t\t\t\t\t\t\t\t<\/div>\n\t\t\t\t<\/div>\n\t\t\t\t<\/div>\n\t\t<div class=\"elementor-element elementor-element-d1fd385 e-con-full e-flex e-con e-child\" data-id=\"d1fd385\" data-element_type=\"container\" data-e-type=\"container\" data-settings=\"{&quot;background_background&quot;:&quot;classic&quot;}\">\n\t\t\t\t<div class=\"elementor-element elementor-element-dcdf82c elementor-widget elementor-widget-text-editor\" data-id=\"dcdf82c\" data-element_type=\"widget\" data-e-type=\"widget\" data-widget_type=\"text-editor.default\">\n\t\t\t\t<div class=\"elementor-widget-container\">\n\t\t\t\t\t\t\t\t\t<p>Las temperaturas davalan, lo solelh s\u2019escond\u2026 De segur la davalada arriba. Bona nov\u00e8la, lo <b>Festival Occitania <\/b>es a tornar ! Ongan vos prepausam mai de vint eveniments per demorar plan cauds en tot descobrir \u00e7\u00f2 qu\u2019Occitania a de melhor en mat\u00e8ria de creacion actuala. E n\u2019avem per totes los gostes que lo festenal se v\u00f2l dob\u00e8rt a totas e totes : literatura, contes, teatre, ist\u00f2ria, musica, dan\u00e7a, cinem\u00e0\u2026 Portat per l\u2019IEO 31 e afortit de partenariats amb d\u2019associacions localas e occitanas, vos convidam a vos venir banhar dins la lenga e la cultura n\u00f2stras.<\/p><p>Lan\u00e7am lo festenal en granda pompa a l\u2019escasen\u00e7a de las Jornadas Europencas del Patrim\u00f2ni los 21 e 22 de setembre al mus\u00e8u Sant-Ramon, ont se tendr\u00e0 un vilatge occitan. S\u2019i podr\u00e0n trapar d\u2019activitats sus tota la dimenjada. Lo dissabte, auretz una iniciacion a l\u2019occitan prepausada per Ioan Algans, una presentacion de l\u2019accion de l\u2019IEO OPM amb de p\u00f2dcastes, la revista Lo Diari e La Galari\u00e1, una animacion musicala amb Brancaleone, e s\u2019acabar\u00e0 amb una visita del mus\u00e8u en occitan per Renaud Savy. Lo dimenge, una nov\u00e8la iniciacion a l\u2019occitan ser\u00e0 possibla, tan coma de contes amb Alan Vidal, seguida per la descob\u00e8rta d\u2019instruments medievals amb Samuel M\u00e9ric, e un mix de viniles occitans amb Varalh Prod.<\/p><p>L\u2019espectacle viu ser\u00e0 a l\u2019onor per aquela edicion del Festival Occitania ! La Com\u00e8dia Occitana Tolzana vos va poder presentar sa pe\u00e7a nov\u00e8la <i>Embrolhs a la Palanca<\/i>, e lo Florant Mercadier vendr\u00e0 jogar sa plan famosa <i>L\u2019Occitanie pour les nuls<\/i>. De son costat, Christophe Calmettes fara una representacion de la pe\u00e7a <i>Un tr\u00f2\u00e7 de camin<\/i>, adaptada de l\u2019\u00f2bra <i>La Grava sul camin<\/i> de Joan Bodon.<\/p>\t\t\t\t\t\t\t\t<\/div>\n\t\t\t\t<\/div>\n\t\t\t\t<\/div>\n\t\t<div class=\"elementor-element elementor-element-a52dfe7 e-con-full e-flex e-con e-child\" data-id=\"a52dfe7\" data-element_type=\"container\" data-e-type=\"container\" data-settings=\"{&quot;background_background&quot;:&quot;classic&quot;}\">\n\t\t\t\t<div class=\"elementor-element elementor-element-2f88814 elementor-widget elementor-widget-text-editor\" data-id=\"2f88814\" data-element_type=\"widget\" data-e-type=\"widget\" data-widget_type=\"text-editor.default\">\n\t\t\t\t<div class=\"elementor-widget-container\">\n\t\t\t\t\t\t\t\t\t<p>L\u2019occitan, es tanben un afar de literatura ! Per aqu\u00f2 retrobarem G\u00e9rard Zuchetto, Paulina Kamakine e Franc Bard\u00f2u per una lectura po\u00ebtica de <i>L\u2019\u00e0ngel que renais<\/i>, Miqu\u00e8la Stenta per presentar <i>Marcelle Delpastre \u00e0 fleur de l\u2019\u00e2me<\/i>, Eric Fraj en encontre literari musical per son libre-CD nov\u00e8l <i>Parle a un p\u00f2ble<\/i>, que met en musica l\u2019\u00f2bra de Rob\u00e8rt Lafont. Pu\u00e8i, Daidi\u00e8r Mir ser\u00e0 convidat pel Cercle Occitan de Carbona per presentar son libre e son filme <i>Leis inaudibles<\/i>, acompanhat d\u2019una projeccion, que contan l\u2019ist\u00f2ria del vilatge de Br\u00f2ve dins Var, voidat per l\u2019armada francesa dins la annadas 70.<\/p><p>Per profiechar, cal tanben poder festejar, dan\u00e7ar e cantar ! E av\u00e8m de que far, amb lo fest-noz bal\u00e8ti annadi\u00e8r de Breizh en \u00d2c a Cunhaus que convida Zo\u00f1j, Totis Tres e lo Bagad bro Tolosa. A Senta Gab\u00e8la, es Coquelicot de Fogo que ven jogar a l\u2019escasen\u00e7a de la F\u00e8sta Occitana portada per l\u2019associacion Camin\u00f2c e lo Sindicat d\u2019Iniciativa de Senta Gab\u00e8la, ont se tendr\u00e0 tanben l\u2019inquet. E a la fin del mes, podretz celebrar la f\u00e8sta de la Martror a Pinsagu\u00e8l, merc\u00e9s als Pescofis de Pinsagu\u00e8l e al caf\u00e8 La Grande Famille, amb lo du\u00f2 Salvatjonas.<\/p><p>Enfin, pas de festenal sens conc\u00e8rt ! Vos prepausam doncas lo du\u00f2 Arizon\u00e0 (trad acostic) a la Gougnotte per l\u2019estrena de la m\u00f2stra <i>camp liure<\/i> de l\u2019artista Laur\u00ed Privat, Varalh Bal\u00e8ti (ragga bal\u00e8ti) a l\u2019\u00c9vasion, lo du\u00f2 Lavo\u00e0 Lap\u00f2 (cant e percussions) a la Cave Po\u00e9sie, DiLOUvienne e son conc\u00e8rt-bal\u00e8ti nov\u00e8l <i>Esclafi <\/i>a l\u2019Astronef, Rod\u00edn (rap hip hop) e Louie Z (pop modulara) al cabaret Le 9, MC KER.6 (bal bl\u00e9dart) e lo Transe-\u00f2c vinil mix al DAda. Lo festenal s\u2019acabar\u00e0 amb los conc\u00e8rts de De La Crau (transida po\u00ebtica p\u00f2st-r\u00f2ck) e Dus Au Casau (bal\u00e8ti cosmic) lo 2 de novembre al cabaret Le 9.<\/p>\t\t\t\t\t\t\t\t<\/div>\n\t\t\t\t<\/div>\n\t\t\t\t<div class=\"elementor-element elementor-element-9c93093 elementor-button-success elementor-align-center elementor-widget elementor-widget-button\" data-id=\"9c93093\" data-element_type=\"widget\" data-e-type=\"widget\" data-widget_type=\"button.default\">\n\t\t\t\t<div class=\"elementor-widget-container\">\n\t\t\t\t\t\t\t\t\t<div class=\"elementor-button-wrapper\">\n\t\t\t\t\t<a class=\"elementor-button elementor-button-link elementor-size-sm\" href=\"https:\/\/ieo31.com\/wordpress\/wp-content\/uploads\/2024\/09\/Comunicat-2024.pdf\">\n\t\t\t\t\t\t<span class=\"elementor-button-content-wrapper\">\n\t\t\t\t\t\t\t\t\t<span class=\"elementor-button-text\">Comunicat de premsa \/ Communiqu\u00e9 de presse<\/span>\n\t\t\t\t\t<\/span>\n\t\t\t\t\t<\/a>\n\t\t\t\t<\/div>\n\t\t\t\t\t\t\t\t<\/div>\n\t\t\t\t<\/div>\n\t\t\t\t<\/div>\n\t\t\t\t\t<\/div>\n\t\t\t\t<\/div>\n\t\t<div class=\"elementor-element elementor-element-da06ed9 e-flex e-con-boxed e-con e-parent\" data-id=\"da06ed9\" data-element_type=\"container\" data-e-type=\"container\">\n\t\t\t\t\t<div class=\"e-con-inner\">\n\t\t\t\t<div class=\"elementor-element elementor-element-c612eb2 elementor-widget elementor-widget-image\" data-id=\"c612eb2\" data-element_type=\"widget\" data-e-type=\"widget\" data-widget_type=\"image.default\">\n\t\t\t\t<div class=\"elementor-widget-container\">\n\t\t\t\t\t\t\t\t\t\t\t\t\t\t\t\t<a href=\"https:\/\/ieo31.com\/wordpress\/festival-occitania\/festival-occitania-2025\/\">\n\t\t\t\t\t\t\t<img loading=\"lazy\" decoding=\"async\" width=\"1024\" height=\"728\" src=\"https:\/\/ieo31.com\/wordpress\/wp-content\/uploads\/2025\/09\/Papieron-Festival-2025-1024x728.jpg\" class=\"attachment-large size-large wp-image-3628\" alt=\"\" srcset=\"https:\/\/ieo31.com\/wordpress\/wp-content\/uploads\/2025\/09\/Papieron-Festival-2025-1024x728.jpg 1024w, https:\/\/ieo31.com\/wordpress\/wp-content\/uploads\/2025\/09\/Papieron-Festival-2025-300x213.jpg 300w, https:\/\/ieo31.com\/wordpress\/wp-content\/uploads\/2025\/09\/Papieron-Festival-2025-768x546.jpg 768w, https:\/\/ieo31.com\/wordpress\/wp-content\/uploads\/2025\/09\/Papieron-Festival-2025-1536x1091.jpg 1536w, https:\/\/ieo31.com\/wordpress\/wp-content\/uploads\/2025\/09\/Papieron-Festival-2025-1320x938.jpg 1320w, https:\/\/ieo31.com\/wordpress\/wp-content\/uploads\/2025\/09\/Papieron-Festival-2025.jpg 2000w\" sizes=\"(max-width: 1024px) 100vw, 1024px\" data-wp-pid=\"3628\" \/>\t\t\t\t\t\t\t\t<\/a>\n\t\t\t\t\t\t\t\t\t\t\t\t\t\t\t<\/div>\n\t\t\t\t<\/div>\n\t\t\t\t\t<\/div>\n\t\t\t\t<\/div>\n\t\t<div class=\"elementor-element elementor-element-95d442d e-con-full e-flex e-con e-parent\" data-id=\"95d442d\" data-element_type=\"container\" data-e-type=\"container\">\n\t\t\t\t<div class=\"elementor-element elementor-element-3602469 elementor-widget elementor-widget-html\" data-id=\"3602469\" data-element_type=\"widget\" data-e-type=\"widget\" data-widget_type=\"html.default\">\n\t\t\t\t<div class=\"elementor-widget-container\">\n\t\t\t\t\t\n<iframe style=\"width:100%;\" frameborder=\"0\" height=\"0200\" align=\"center\" scrolling=\"yes\" allowtransparency=\"allowtransparency\" class=\"cibulFrame cbpgbdy\" data-oabdy src=\"\/\/openagenda.com\/agendas\/15570103\/embeds\/83946434\/events?lang=fr\" data-lang=\"fr\"><\/iframe><script type=\"text\/javascript\" src=\"\/\/openagenda.com\/js\/embed\/cibulBodyWidget.js\"><\/script>\t\t\t\t<\/div>\n\t\t\t\t<\/div>\n\t\t\t\t<\/div>\n\t\t\t\t<\/div>\n\t\t","protected":false},"excerpt":{"rendered":"<p>Festival pluridisciplinaire occitan Le festival Le Festival Occitania est n\u00e9 en 1999 \u00e0 Toulouse de la volont\u00e9 de l\u2019IEO 31 [&hellip;]<\/p>\n","protected":false},"author":2,"featured_media":0,"parent":0,"menu_order":3,"comment_status":"closed","ping_status":"closed","template":"","meta":{"site-sidebar-layout":"no-sidebar","site-content-layout":"","ast-site-content-layout":"full-width-container","site-content-style":"default","site-sidebar-style":"default","ast-global-header-display":"","ast-banner-title-visibility":"","ast-main-header-display":"","ast-hfb-above-header-display":"","ast-hfb-below-header-display":"","ast-hfb-mobile-header-display":"","site-post-title":"disabled","ast-breadcrumbs-content":"","ast-featured-img":"disabled","footer-sml-layout":"","ast-disable-related-posts":"","theme-transparent-header-meta":"","adv-header-id-meta":"","stick-header-meta":"","header-above-stick-meta":"","header-main-stick-meta":"","header-below-stick-meta":"","astra-migrate-meta-layouts":"default","ast-page-background-enabled":"default","ast-page-background-meta":{"desktop":{"background-color":"var(--ast-global-color-4)","background-image":"","background-repeat":"repeat","background-position":"center center","background-size":"auto","background-attachment":"scroll","background-type":"","background-media":"","overlay-type":"","overlay-color":"","overlay-opacity":"","overlay-gradient":""},"tablet":{"background-color":"","background-image":"","background-repeat":"repeat","background-position":"center center","background-size":"auto","background-attachment":"scroll","background-type":"","background-media":"","overlay-type":"","overlay-color":"","overlay-opacity":"","overlay-gradient":""},"mobile":{"background-color":"","background-image":"","background-repeat":"repeat","background-position":"center center","background-size":"auto","background-attachment":"scroll","background-type":"","background-media":"","overlay-type":"","overlay-color":"","overlay-opacity":"","overlay-gradient":""}},"ast-content-background-meta":{"desktop":{"background-color":"var(--ast-global-color-5)","background-image":"","background-repeat":"repeat","background-position":"center center","background-size":"auto","background-attachment":"scroll","background-type":"","background-media":"","overlay-type":"","overlay-color":"","overlay-opacity":"","overlay-gradient":""},"tablet":{"background-color":"var(--ast-global-color-5)","background-image":"","background-repeat":"repeat","background-position":"center center","background-size":"auto","background-attachment":"scroll","background-type":"","background-media":"","overlay-type":"","overlay-color":"","overlay-opacity":"","overlay-gradient":""},"mobile":{"background-color":"var(--ast-global-color-5)","background-image":"","background-repeat":"repeat","background-position":"center center","background-size":"auto","background-attachment":"scroll","background-type":"","background-media":"","overlay-type":"","overlay-color":"","overlay-opacity":"","overlay-gradient":""}},"footnotes":""},"class_list":["post-1085","page","type-page","status-publish","hentry"],"_links":{"self":[{"href":"https:\/\/ieo31.com\/wordpress\/wp-json\/wp\/v2\/pages\/1085","targetHints":{"allow":["GET"]}}],"collection":[{"href":"https:\/\/ieo31.com\/wordpress\/wp-json\/wp\/v2\/pages"}],"about":[{"href":"https:\/\/ieo31.com\/wordpress\/wp-json\/wp\/v2\/types\/page"}],"author":[{"embeddable":true,"href":"https:\/\/ieo31.com\/wordpress\/wp-json\/wp\/v2\/users\/2"}],"replies":[{"embeddable":true,"href":"https:\/\/ieo31.com\/wordpress\/wp-json\/wp\/v2\/comments?post=1085"}],"version-history":[{"count":80,"href":"https:\/\/ieo31.com\/wordpress\/wp-json\/wp\/v2\/pages\/1085\/revisions"}],"predecessor-version":[{"id":3642,"href":"https:\/\/ieo31.com\/wordpress\/wp-json\/wp\/v2\/pages\/1085\/revisions\/3642"}],"wp:attachment":[{"href":"https:\/\/ieo31.com\/wordpress\/wp-json\/wp\/v2\/media?parent=1085"}],"curies":[{"name":"wp","href":"https:\/\/api.w.org\/{rel}","templated":true}]}}